{"id":143,"date":"2024-05-02T11:43:05","date_gmt":"2024-05-02T09:43:05","guid":{"rendered":"https:\/\/www.auroraevia.fr\/?page_id=143"},"modified":"2025-12-08T16:18:20","modified_gmt":"2025-12-08T15:18:20","slug":"le-projet","status":"publish","type":"page","link":"https:\/\/www.auroraevia.fr\/?page_id=143","title":{"rendered":"Projet AuroraeVia"},"content":{"rendered":"\t\t<div data-elementor-type=\"wp-page\" data-elementor-id=\"143\" class=\"elementor elementor-143\">\n\t\t\t\t<div class=\"elementor-element elementor-element-e4200a4 e-flex e-con-boxed e-con e-parent\" data-id=\"e4200a4\" data-element_type=\"container\" data-settings=\"{&quot;background_background&quot;:&quot;classic&quot;}\">\n\t\t\t\t\t<div class=\"e-con-inner\">\n\t\t\t\t<div class=\"elementor-element elementor-element-9fca5f6 elementor-widget elementor-widget-heading\" data-id=\"9fca5f6\" data-element_type=\"widget\" data-widget_type=\"heading.default\">\n\t\t\t\t<div class=\"elementor-widget-container\">\n\t\t\t\t\t<h1 class=\"elementor-heading-title elementor-size-default\">En quoi consiste le projet Auror\u00e6Via ?<\/h1>\t\t\t\t<\/div>\n\t\t\t\t<\/div>\n\t\t\t\t<div class=\"elementor-element elementor-element-418330c elementor-widget elementor-widget-text-editor\" data-id=\"418330c\" data-element_type=\"widget\" data-widget_type=\"text-editor.default\">\n\t\t\t\t<div class=\"elementor-widget-container\">\n\t\t\t\t\t\t\t\t\t<h2>Quatre activit\u00e9s :<\/h2>\t\t\t\t\t\t\t\t<\/div>\n\t\t\t\t<\/div>\n\t\t\t\t<div class=\"elementor-element elementor-element-0d36540 elementor-widget elementor-widget-text-editor\" data-id=\"0d36540\" data-element_type=\"widget\" data-widget_type=\"text-editor.default\">\n\t\t\t\t<div class=\"elementor-widget-container\">\n\t\t\t\t\t\t\t\t\t<ul><li><strong>Un habitat inclusif pour 6 personnes porteuses de trisomie 21 vieillissantes<\/strong><\/li><li><strong>Un lieu ressource pour salari\u00e9s, aidants, citoyens\u2026<\/strong><\/li><li><strong>Un projet de vie sociale et partag\u00e9e<\/strong><\/li><li><strong>Un accompagnement adapt\u00e9 jusqu\u2019au d\u00e9c\u00e8s des colocataires<\/strong><\/li><\/ul>\t\t\t\t\t\t\t\t<\/div>\n\t\t\t\t<\/div>\n\t\t\t\t\t<\/div>\n\t\t\t\t<\/div>\n\t\t<div class=\"elementor-element elementor-element-3a5824e e-flex e-con-boxed e-con e-parent\" data-id=\"3a5824e\" data-element_type=\"container\" data-settings=\"{&quot;background_background&quot;:&quot;classic&quot;}\">\n\t\t\t\t\t<div class=\"e-con-inner\">\n\t\t\t\t<div class=\"elementor-element elementor-element-2ac4364 elementor-widget elementor-widget-heading\" data-id=\"2ac4364\" data-element_type=\"widget\" data-widget_type=\"heading.default\">\n\t\t\t\t<div class=\"elementor-widget-container\">\n\t\t\t\t\t<h1 class=\"elementor-heading-title elementor-size-default\">Version plus accessible<\/h1>\t\t\t\t<\/div>\n\t\t\t\t<\/div>\n\t\t<div class=\"elementor-element elementor-element-76202eb e-con-full e-flex e-con e-child\" data-id=\"76202eb\" data-element_type=\"container\">\n\t\t\t\t<div class=\"elementor-element elementor-element-1bf6748 elementor-widget elementor-widget-spacer\" data-id=\"1bf6748\" data-element_type=\"widget\" data-widget_type=\"spacer.default\">\n\t\t\t\t<div class=\"elementor-widget-container\">\n\t\t\t\t\t\t\t<div class=\"elementor-spacer\">\n\t\t\t<div class=\"elementor-spacer-inner\"><\/div>\n\t\t<\/div>\n\t\t\t\t\t\t<\/div>\n\t\t\t\t<\/div>\n\t\t\t\t<div class=\"elementor-element elementor-element-1f446d5 elementor-widget elementor-widget-toggle\" data-id=\"1f446d5\" data-element_type=\"widget\" data-widget_type=\"toggle.default\">\n\t\t\t\t<div class=\"elementor-widget-container\">\n\t\t\t\t\t\t\t<div class=\"elementor-toggle\">\n\t\t\t\t\t\t\t<div class=\"elementor-toggle-item\">\n\t\t\t\t\t<div id=\"elementor-tab-title-3271\" class=\"elementor-tab-title\" data-tab=\"1\" role=\"button\" aria-controls=\"elementor-tab-content-3271\" aria-expanded=\"false\">\n\t\t\t\t\t\t\t\t\t\t\t\t<span class=\"elementor-toggle-icon elementor-toggle-icon-left\" aria-hidden=\"true\">\n\t\t\t\t\t\t\t\t\t\t\t\t\t\t\t<span class=\"elementor-toggle-icon-closed\"><svg class=\"e-font-icon-svg e-fas-caret-right\" viewBox=\"0 0 192 512\" xmlns=\"http:\/\/www.w3.org\/2000\/svg\"><path d=\"M0 384.662V127.338c0-17.818 21.543-26.741 34.142-14.142l128.662 128.662c7.81 7.81 7.81 20.474 0 28.284L34.142 398.804C21.543 411.404 0 402.48 0 384.662z\"><\/path><\/svg><\/span>\n\t\t\t\t\t\t\t\t<span class=\"elementor-toggle-icon-opened\"><svg class=\"elementor-toggle-icon-opened e-font-icon-svg e-fas-caret-up\" viewBox=\"0 0 320 512\" xmlns=\"http:\/\/www.w3.org\/2000\/svg\"><path d=\"M288.662 352H31.338c-17.818 0-26.741-21.543-14.142-34.142l128.662-128.662c7.81-7.81 20.474-7.81 28.284 0l128.662 128.662c12.6 12.599 3.676 34.142-14.142 34.142z\"><\/path><\/svg><\/span>\n\t\t\t\t\t\t\t\t\t\t\t\t\t<\/span>\n\t\t\t\t\t\t\t\t\t\t\t\t<a class=\"elementor-toggle-title\" tabindex=\"0\">En version plus facile \u00e0 lire :<\/a>\n\t\t\t\t\t<\/div>\n\n\t\t\t\t\t<div id=\"elementor-tab-content-3271\" class=\"elementor-tab-content elementor-clearfix\" data-tab=\"1\" role=\"region\" aria-labelledby=\"elementor-tab-title-3271\"><p><span style=\"white-space-collapse: preserve;\">Nous sommes l\u2019association Auror\u00e6Via:\u00a0 Christine, Christelle, Caroline, Elodie et Liliane.<br \/>Nous sommes des professionnelles.<br \/>Nous travaillons pour certaines d\u2019entre nous \u00e0 l\u2019Adapei 35.<br \/>En plus, nous travaillons aussi pour cr\u00e9er un habitat partag\u00e9.<br \/>Nous recherchons d\u2019autres personnes et des familles pour nous aider.<\/span><\/p><\/div>\n\t\t\t\t<\/div>\n\t\t\t\t\t\t\t<div class=\"elementor-toggle-item\">\n\t\t\t\t\t<div id=\"elementor-tab-title-3272\" class=\"elementor-tab-title\" data-tab=\"2\" role=\"button\" aria-controls=\"elementor-tab-content-3272\" aria-expanded=\"false\">\n\t\t\t\t\t\t\t\t\t\t\t\t<span class=\"elementor-toggle-icon elementor-toggle-icon-left\" aria-hidden=\"true\">\n\t\t\t\t\t\t\t\t\t\t\t\t\t\t\t<span class=\"elementor-toggle-icon-closed\"><svg class=\"e-font-icon-svg e-fas-caret-right\" viewBox=\"0 0 192 512\" xmlns=\"http:\/\/www.w3.org\/2000\/svg\"><path d=\"M0 384.662V127.338c0-17.818 21.543-26.741 34.142-14.142l128.662 128.662c7.81 7.81 7.81 20.474 0 28.284L34.142 398.804C21.543 411.404 0 402.48 0 384.662z\"><\/path><\/svg><\/span>\n\t\t\t\t\t\t\t\t<span class=\"elementor-toggle-icon-opened\"><svg class=\"elementor-toggle-icon-opened e-font-icon-svg e-fas-caret-up\" viewBox=\"0 0 320 512\" xmlns=\"http:\/\/www.w3.org\/2000\/svg\"><path d=\"M288.662 352H31.338c-17.818 0-26.741-21.543-14.142-34.142l128.662-128.662c7.81-7.81 20.474-7.81 28.284 0l128.662 128.662c12.6 12.599 3.676 34.142-14.142 34.142z\"><\/path><\/svg><\/span>\n\t\t\t\t\t\t\t\t\t\t\t\t\t<\/span>\n\t\t\t\t\t\t\t\t\t\t\t\t<a class=\"elementor-toggle-title\" tabindex=\"0\">C'est quoi ?<\/a>\n\t\t\t\t\t<\/div>\n\n\t\t\t\t\t<div id=\"elementor-tab-content-3272\" class=\"elementor-tab-content elementor-clearfix\" data-tab=\"2\" role=\"region\" aria-labelledby=\"elementor-tab-title-3272\"><p>C\u2019est un appartement partag\u00e9 avec d\u2019autres habitants.<br \/>Les habitants ont une chambre et une salle de bain.<br \/>L\u2019habitat partag\u00e9 n\u2019est pas un \u00e9tablissement.<br \/>C\u2019est un logement ordinaire.<br \/>Je peux choisir d\u2019y habiter.<br \/>L\u2019habitant paie son loyer tous les mois, gr\u00e2ce \u00e0 ses allocations.<br \/>Dans l\u2019habitat partag\u00e9, je peux choisir :<br \/>\u2022 mes activit\u00e9s,<br \/>\u2022 mes horaires,<br \/>\u2022 mon rythme de vie<\/p><p>Les habitants partagent des espaces de vie communs (la cuisine, la salle \u00e0 manger) et<br \/>des services.<br \/>Les habitants pr\u00e9parent ensemble un projet de vie sociale et partag\u00e9e.<br \/>Ils choisissent des activit\u00e9s et des sorties qu\u2019ils vont faire ensemble, s\u2019ils le souhaitent.<br \/>Ils d\u00e9cident ensemble des r\u00e8gles de vie de l\u2019habitat.<br \/>Ils peuvent manger ensemble et aider pour pr\u00e9parer le repas, faire les courses.<\/p><p>L\u2019habitat partag\u00e9 permet aux habitants de participer \u00e0 la vie de la commune (f\u00eates, march\u00e9s, spectacles\u2026)<br \/>Il se trouve \u00e0 c\u00f4t\u00e9 du bourg, des magasins et aussi:<br \/>\u2022 des services publics,<br \/>\u2022 des transports,<br \/>\u2022 des services de sant\u00e9\u2026<\/p><\/div>\n\t\t\t\t<\/div>\n\t\t\t\t\t\t\t<div class=\"elementor-toggle-item\">\n\t\t\t\t\t<div id=\"elementor-tab-title-3273\" class=\"elementor-tab-title\" data-tab=\"3\" role=\"button\" aria-controls=\"elementor-tab-content-3273\" aria-expanded=\"false\">\n\t\t\t\t\t\t\t\t\t\t\t\t<span class=\"elementor-toggle-icon elementor-toggle-icon-left\" aria-hidden=\"true\">\n\t\t\t\t\t\t\t\t\t\t\t\t\t\t\t<span class=\"elementor-toggle-icon-closed\"><svg class=\"e-font-icon-svg e-fas-caret-right\" viewBox=\"0 0 192 512\" xmlns=\"http:\/\/www.w3.org\/2000\/svg\"><path d=\"M0 384.662V127.338c0-17.818 21.543-26.741 34.142-14.142l128.662 128.662c7.81 7.81 7.81 20.474 0 28.284L34.142 398.804C21.543 411.404 0 402.48 0 384.662z\"><\/path><\/svg><\/span>\n\t\t\t\t\t\t\t\t<span class=\"elementor-toggle-icon-opened\"><svg class=\"elementor-toggle-icon-opened e-font-icon-svg e-fas-caret-up\" viewBox=\"0 0 320 512\" xmlns=\"http:\/\/www.w3.org\/2000\/svg\"><path d=\"M288.662 352H31.338c-17.818 0-26.741-21.543-14.142-34.142l128.662-128.662c7.81-7.81 20.474-7.81 28.284 0l128.662 128.662c12.6 12.599 3.676 34.142-14.142 34.142z\"><\/path><\/svg><\/span>\n\t\t\t\t\t\t\t\t\t\t\t\t\t<\/span>\n\t\t\t\t\t\t\t\t\t\t\t\t<a class=\"elementor-toggle-title\" tabindex=\"0\">Ce sera pour qui ?<\/a>\n\t\t\t\t\t<\/div>\n\n\t\t\t\t\t<div id=\"elementor-tab-content-3273\" class=\"elementor-tab-content elementor-clearfix\" data-tab=\"3\" role=\"region\" aria-labelledby=\"elementor-tab-title-3273\"><p>6 colocataires porteurs de handicap \u00e2g\u00e9s vivront ensemble, jusqu\u2019au bout de leur vie.<\/p><p>Chacun pourra rendre visite \u00e0 sa famille et ses amis.<br \/>Il pourra aussi les recevoir chez lui.<br \/>On pourra organiser des go\u00fbters avec les familles, les amis et les voisins.<br \/>Il y aura aussi des b\u00e9n\u00e9voles.<\/p><p>Chacun aura des accompagnants la journ\u00e9e et la nuit pour l\u2019aider.<br \/>Chacun paiera ses accompagnants gr\u00e2ce \u00e0 des aides de la MDPH (PCH).<br \/>Les infirmi\u00e8res lib\u00e9rales, les docteurs et l\u2019h\u00f4pital \u00e0 domicile (HAD) viendront si besoin, pour \u00e9viter le plus possible d\u2019aller \u00e0 l\u2019h\u00f4pital.\u00a0<\/p><\/div>\n\t\t\t\t<\/div>\n\t\t\t\t\t\t\t<div class=\"elementor-toggle-item\">\n\t\t\t\t\t<div id=\"elementor-tab-title-3274\" class=\"elementor-tab-title\" data-tab=\"4\" role=\"button\" aria-controls=\"elementor-tab-content-3274\" aria-expanded=\"false\">\n\t\t\t\t\t\t\t\t\t\t\t\t<span class=\"elementor-toggle-icon elementor-toggle-icon-left\" aria-hidden=\"true\">\n\t\t\t\t\t\t\t\t\t\t\t\t\t\t\t<span class=\"elementor-toggle-icon-closed\"><svg class=\"e-font-icon-svg e-fas-caret-right\" viewBox=\"0 0 192 512\" xmlns=\"http:\/\/www.w3.org\/2000\/svg\"><path d=\"M0 384.662V127.338c0-17.818 21.543-26.741 34.142-14.142l128.662 128.662c7.81 7.81 7.81 20.474 0 28.284L34.142 398.804C21.543 411.404 0 402.48 0 384.662z\"><\/path><\/svg><\/span>\n\t\t\t\t\t\t\t\t<span class=\"elementor-toggle-icon-opened\"><svg class=\"elementor-toggle-icon-opened e-font-icon-svg e-fas-caret-up\" viewBox=\"0 0 320 512\" xmlns=\"http:\/\/www.w3.org\/2000\/svg\"><path d=\"M288.662 352H31.338c-17.818 0-26.741-21.543-14.142-34.142l128.662-128.662c7.81-7.81 20.474-7.81 28.284 0l128.662 128.662c12.6 12.599 3.676 34.142-14.142 34.142z\"><\/path><\/svg><\/span>\n\t\t\t\t\t\t\t\t\t\t\t\t\t<\/span>\n\t\t\t\t\t\t\t\t\t\t\t\t<a class=\"elementor-toggle-title\" tabindex=\"0\">Ce sera pour quand ?<\/a>\n\t\t\t\t\t<\/div>\n\n\t\t\t\t\t<div id=\"elementor-tab-content-3274\" class=\"elementor-tab-content elementor-clearfix\" data-tab=\"4\" role=\"region\" aria-labelledby=\"elementor-tab-title-3274\"><p>Aux alentours de 2030.<\/p><p>\u00a0<\/p><\/div>\n\t\t\t\t<\/div>\n\t\t\t\t\t\t\t<div class=\"elementor-toggle-item\">\n\t\t\t\t\t<div id=\"elementor-tab-title-3275\" class=\"elementor-tab-title\" data-tab=\"5\" role=\"button\" aria-controls=\"elementor-tab-content-3275\" aria-expanded=\"false\">\n\t\t\t\t\t\t\t\t\t\t\t\t<span class=\"elementor-toggle-icon elementor-toggle-icon-left\" aria-hidden=\"true\">\n\t\t\t\t\t\t\t\t\t\t\t\t\t\t\t<span class=\"elementor-toggle-icon-closed\"><svg class=\"e-font-icon-svg e-fas-caret-right\" viewBox=\"0 0 192 512\" xmlns=\"http:\/\/www.w3.org\/2000\/svg\"><path d=\"M0 384.662V127.338c0-17.818 21.543-26.741 34.142-14.142l128.662 128.662c7.81 7.81 7.81 20.474 0 28.284L34.142 398.804C21.543 411.404 0 402.48 0 384.662z\"><\/path><\/svg><\/span>\n\t\t\t\t\t\t\t\t<span class=\"elementor-toggle-icon-opened\"><svg class=\"elementor-toggle-icon-opened e-font-icon-svg e-fas-caret-up\" viewBox=\"0 0 320 512\" xmlns=\"http:\/\/www.w3.org\/2000\/svg\"><path d=\"M288.662 352H31.338c-17.818 0-26.741-21.543-14.142-34.142l128.662-128.662c7.81-7.81 20.474-7.81 28.284 0l128.662 128.662c12.6 12.599 3.676 34.142-14.142 34.142z\"><\/path><\/svg><\/span>\n\t\t\t\t\t\t\t\t\t\t\t\t\t<\/span>\n\t\t\t\t\t\t\t\t\t\t\t\t<a class=\"elementor-toggle-title\" tabindex=\"0\">Ce sera o\u00f9 ?<\/a>\n\t\t\t\t\t<\/div>\n\n\t\t\t\t\t<div id=\"elementor-tab-content-3275\" class=\"elementor-tab-content elementor-clearfix\" data-tab=\"5\" role=\"region\" aria-labelledby=\"elementor-tab-title-3275\"><p>Dans une commune pr\u00e8s de Rennes, en Ille et Vilaine (35).<\/p><\/div>\n\t\t\t\t<\/div>\n\t\t\t\t\t\t\t<div class=\"elementor-toggle-item\">\n\t\t\t\t\t<div id=\"elementor-tab-title-3276\" class=\"elementor-tab-title\" data-tab=\"6\" role=\"button\" aria-controls=\"elementor-tab-content-3276\" aria-expanded=\"false\">\n\t\t\t\t\t\t\t\t\t\t\t\t<span class=\"elementor-toggle-icon elementor-toggle-icon-left\" aria-hidden=\"true\">\n\t\t\t\t\t\t\t\t\t\t\t\t\t\t\t<span class=\"elementor-toggle-icon-closed\"><svg class=\"e-font-icon-svg e-fas-caret-right\" viewBox=\"0 0 192 512\" xmlns=\"http:\/\/www.w3.org\/2000\/svg\"><path d=\"M0 384.662V127.338c0-17.818 21.543-26.741 34.142-14.142l128.662 128.662c7.81 7.81 7.81 20.474 0 28.284L34.142 398.804C21.543 411.404 0 402.48 0 384.662z\"><\/path><\/svg><\/span>\n\t\t\t\t\t\t\t\t<span class=\"elementor-toggle-icon-opened\"><svg class=\"elementor-toggle-icon-opened e-font-icon-svg e-fas-caret-up\" viewBox=\"0 0 320 512\" xmlns=\"http:\/\/www.w3.org\/2000\/svg\"><path d=\"M288.662 352H31.338c-17.818 0-26.741-21.543-14.142-34.142l128.662-128.662c7.81-7.81 20.474-7.81 28.284 0l128.662 128.662c12.6 12.599 3.676 34.142-14.142 34.142z\"><\/path><\/svg><\/span>\n\t\t\t\t\t\t\t\t\t\t\t\t\t<\/span>\n\t\t\t\t\t\t\t\t\t\t\t\t<a class=\"elementor-toggle-title\" tabindex=\"0\">Pourquoi ce projet ?<\/a>\n\t\t\t\t\t<\/div>\n\n\t\t\t\t\t<div id=\"elementor-tab-content-3276\" class=\"elementor-tab-content elementor-clearfix\" data-tab=\"6\" role=\"region\" aria-labelledby=\"elementor-tab-title-3276\"><p>Aujourd\u2019hui les personnes porteuses de handicap vieillissent de plus en plus.<br \/>Parfois, elles vivent dans des foyers, ou en appartement.<br \/>D\u2019autres vivent dans leur famille.<\/p><p>Souvent, nous ne pouvons plus vivre seuls quand nous avons besoin de beaucoup d\u2019aide.<br \/>Nous devons d\u00e9m\u00e9nager.<\/p><p>Parce que c\u2019est tr\u00e8s difficile pour notre famille qui est aussi tr\u00e8s \u00e2g\u00e9e.<br \/>Ou parce que le foyer n\u2019est plus adapt\u00e9.<br \/>Alors nous pouvons demander \u00e0 habiter par exemple dans une MAS (maison d\u2019accueil sp\u00e9cialis\u00e9e).<br \/>Mais il n\u2019y a pas assez de places.<br \/>Pour l\u2019instant il n\u2019y a pas beaucoup de foyers pour les personnes tr\u00e8s \u00e2g\u00e9es.<br \/>Et il faut aider les familles, les aidants.<\/p><p>Voil\u00e0 pourquoi nous proposons une autre solution.<\/p><\/div>\n\t\t\t\t<\/div>\n\t\t\t\t\t\t\t\t<\/div>\n\t\t\t\t\t\t<\/div>\n\t\t\t\t<\/div>\n\t\t\t\t<\/div>\n\t\t\t\t\t<\/div>\n\t\t\t\t<\/div>\n\t\t<div class=\"elementor-element elementor-element-d4ed06f e-flex e-con-boxed e-con e-parent\" data-id=\"d4ed06f\" data-element_type=\"container\" data-settings=\"{&quot;background_background&quot;:&quot;classic&quot;}\">\n\t\t\t\t\t<div class=\"e-con-inner\">\n\t\t<div class=\"elementor-element elementor-element-9f60bc5 e-con-full e-flex e-con e-child\" data-id=\"9f60bc5\" data-element_type=\"container\">\n\t\t\t\t<div class=\"elementor-element elementor-element-0aa0f5d elementor-widget elementor-widget-heading\" data-id=\"0aa0f5d\" data-element_type=\"widget\" data-widget_type=\"heading.default\">\n\t\t\t\t<div class=\"elementor-widget-container\">\n\t\t\t\t\t<h1 class=\"elementor-heading-title elementor-size-default\">Version plus d\u00e9taill\u00e9e<\/h1>\t\t\t\t<\/div>\n\t\t\t\t<\/div>\n\t\t\t\t<div class=\"elementor-element elementor-element-e762fd8 elementor-widget elementor-widget-spacer\" data-id=\"e762fd8\" data-element_type=\"widget\" data-widget_type=\"spacer.default\">\n\t\t\t\t<div class=\"elementor-widget-container\">\n\t\t\t\t\t\t\t<div class=\"elementor-spacer\">\n\t\t\t<div class=\"elementor-spacer-inner\"><\/div>\n\t\t<\/div>\n\t\t\t\t\t\t<\/div>\n\t\t\t\t<\/div>\n\t\t\t\t<div class=\"elementor-element elementor-element-cd6c774 elementor-widget elementor-widget-toggle\" data-id=\"cd6c774\" data-element_type=\"widget\" data-widget_type=\"toggle.default\">\n\t\t\t\t<div class=\"elementor-widget-container\">\n\t\t\t\t\t\t\t<div class=\"elementor-toggle\">\n\t\t\t\t\t\t\t<div class=\"elementor-toggle-item\">\n\t\t\t\t\t<div id=\"elementor-tab-title-2151\" class=\"elementor-tab-title\" data-tab=\"1\" role=\"button\" aria-controls=\"elementor-tab-content-2151\" aria-expanded=\"false\">\n\t\t\t\t\t\t\t\t\t\t\t\t<span class=\"elementor-toggle-icon elementor-toggle-icon-left\" aria-hidden=\"true\">\n\t\t\t\t\t\t\t\t\t\t\t\t\t\t\t<span class=\"elementor-toggle-icon-closed\"><svg class=\"e-font-icon-svg e-fas-caret-right\" viewBox=\"0 0 192 512\" xmlns=\"http:\/\/www.w3.org\/2000\/svg\"><path d=\"M0 384.662V127.338c0-17.818 21.543-26.741 34.142-14.142l128.662 128.662c7.81 7.81 7.81 20.474 0 28.284L34.142 398.804C21.543 411.404 0 402.48 0 384.662z\"><\/path><\/svg><\/span>\n\t\t\t\t\t\t\t\t<span class=\"elementor-toggle-icon-opened\"><svg class=\"elementor-toggle-icon-opened e-font-icon-svg e-fas-caret-up\" viewBox=\"0 0 320 512\" xmlns=\"http:\/\/www.w3.org\/2000\/svg\"><path d=\"M288.662 352H31.338c-17.818 0-26.741-21.543-14.142-34.142l128.662-128.662c7.81-7.81 20.474-7.81 28.284 0l128.662 128.662c12.6 12.599 3.676 34.142-14.142 34.142z\"><\/path><\/svg><\/span>\n\t\t\t\t\t\t\t\t\t\t\t\t\t<\/span>\n\t\t\t\t\t\t\t\t\t\t\t\t<a class=\"elementor-toggle-title\" tabindex=\"0\">Innovation Auror\u00e6Via <\/a>\n\t\t\t\t\t<\/div>\n\n\t\t\t\t\t<div id=\"elementor-tab-content-2151\" class=\"elementor-tab-content elementor-clearfix\" data-tab=\"1\" role=\"region\" aria-labelledby=\"elementor-tab-title-2151\"><p style=\"font-size: 20px; font-style: normal; font-weight: 400;\">Nous proposons un lieu de vie \u00e0 taille humaine pour un petit collectif homog\u00e8ne dont le projet de vie sociale et partag\u00e9e est co-construit par les habitants, leurs repr\u00e9sentants, les citoyens de la commune, les futurs salari\u00e9s et toute personne engag\u00e9e dans cette volont\u00e9 d&rsquo;inclusion.<\/p><p style=\"font-size: 20px; font-style: normal; font-weight: 400;\">C&rsquo;est un projet collectif et partenarial qui r\u00e9pond \u00e0 des besoins essentiels, dont le lien social et la citoyennet\u00e9. Il conduit \u00e0 la r\u00e9flexion et le partage sur la question de la fin de vie des personnes porteuses de handicap.<\/p><p style=\"font-size: 20px; font-style: normal; font-weight: 400;\">C&rsquo;est un instrument d&rsquo;attractivit\u00e9 des m\u00e9tiers de l&rsquo;aide \u00e0 la personne. Ce sera un lieu de vie ax\u00e9 sur le bien-\u00eatre des habitants et des salari\u00e9s qui seront acteurs de leur vie professionnelle gr\u00e2ce \u00e0 une gouvernance participative.<\/p><p style=\"font-size: 20px; font-style: normal; font-weight: 400;\">Cette innovation territoriale r\u00e9pond aux politiques publiques du vieillissement et sur la fin de vie. L&rsquo;accompagnement jusqu&rsquo;\u00e0 la fin de vie est rarement envisag\u00e9 dans les projets. Ici, il est pens\u00e9 d\u00e8s sa conception, y compris architecturale avec un \u00e9quipement adapt\u00e9 et une grande salle commune o\u00f9 les lits auront leur place si les personnes ne peuvent pas se lever au fauteuil pour des moments partag\u00e9s.<\/p><p style=\"font-size: 20px; font-style: normal; font-weight: 400;\">C&rsquo;est l&rsquo;opportunit\u00e9 pour la commune et ses habitants d&rsquo;agir pour l&rsquo;inclusion. Cette grande salle permettra en effet d&rsquo;accueillir des invit\u00e9s lors d\u2019activit\u00e9s, de repas et de temps conviviaux pour sensibiliser et pr\u00e9senter l&rsquo;action sp\u00e9cifique men\u00e9e.<\/p><p style=\"font-size: 20px; font-style: normal; font-weight: 400;\">Ce mod\u00e8le est reproductible, gr\u00e2ce \u00e0 la mutualisation des aides personnelles de chaque colocataire. Au vu des besoins, un essaimage est envisag\u00e9 quand le projet sera d\u00e9j\u00e0 en fonctionnement.<\/p><p style=\"font-size: 20px; font-style: normal; font-weight: 400;\">Ainsi, nous proposons\u00a0un domicile adapt\u00e9 par le projet de\u00a0vie sociale et partag\u00e9e, ayant pour particularit\u00e9 d\u2019\u00eatre con\u00e7u pour pr\u00e9voir l\u2019accompagnement des personnes jusqu\u2019\u00e0 leur fin de vie, et permettant aux aidants familiaux ou aux \u00e9tablissements m\u00e9dico-sociaux de passer le relais.<\/p><p style=\"font-size: 20px; font-style: normal; font-weight: 400;\">Cela lib\u00e9rera quelques places pour des personnes en attente de place en structure m\u00e9dico-sociale (plus de 2000 en Ille et Vilaine).<\/p><p style=\"font-size: 20px; font-style: normal; font-weight: 400;\">C\u2019est en outre la possibilit\u00e9 de pr\u00e9server la dignit\u00e9 des personnes et le go\u00fbt \u00e0 la vie en d\u00e9pit\u00a0 du handicap, du vieillissement et de la d\u00e9pendance, jusqu&rsquo;\u00e0 leur d\u00e9c\u00e8s, \u00e0 leur domicile, en leur \u00e9vitant au maximum des hospitalisations.<\/p><p style=\"font-size: 20px; font-style: normal; font-weight: 400;\">L\u2019habitat inclusif est une r\u00e9ponse aux besoins des personnes, mais aussi une opportunit\u00e9 pour le territoire: une solution \u00e0 moindre\u00a0co\u00fbt pour la soci\u00e9t\u00e9,\u00a0interm\u00e9diaire entre le domicile ordinaire et l&rsquo;h\u00e9bergement en \u00e9tablissement sp\u00e9cialis\u00e9, pour des personnes \u00e2g\u00e9es et porteuses de handicap; une autre mani\u00e8re de vivre ensemble, mais aussi d\u2019habiter un bourg, un territoire.<\/p><p style=\"font-size: 20px; font-style: normal; font-weight: 400;\">\u00a0<\/p><\/div>\n\t\t\t\t<\/div>\n\t\t\t\t\t\t\t<div class=\"elementor-toggle-item\">\n\t\t\t\t\t<div id=\"elementor-tab-title-2152\" class=\"elementor-tab-title\" data-tab=\"2\" role=\"button\" aria-controls=\"elementor-tab-content-2152\" aria-expanded=\"false\">\n\t\t\t\t\t\t\t\t\t\t\t\t<span class=\"elementor-toggle-icon elementor-toggle-icon-left\" aria-hidden=\"true\">\n\t\t\t\t\t\t\t\t\t\t\t\t\t\t\t<span class=\"elementor-toggle-icon-closed\"><svg class=\"e-font-icon-svg e-fas-caret-right\" viewBox=\"0 0 192 512\" xmlns=\"http:\/\/www.w3.org\/2000\/svg\"><path d=\"M0 384.662V127.338c0-17.818 21.543-26.741 34.142-14.142l128.662 128.662c7.81 7.81 7.81 20.474 0 28.284L34.142 398.804C21.543 411.404 0 402.48 0 384.662z\"><\/path><\/svg><\/span>\n\t\t\t\t\t\t\t\t<span class=\"elementor-toggle-icon-opened\"><svg class=\"elementor-toggle-icon-opened e-font-icon-svg e-fas-caret-up\" viewBox=\"0 0 320 512\" xmlns=\"http:\/\/www.w3.org\/2000\/svg\"><path d=\"M288.662 352H31.338c-17.818 0-26.741-21.543-14.142-34.142l128.662-128.662c7.81-7.81 20.474-7.81 28.284 0l128.662 128.662c12.6 12.599 3.676 34.142-14.142 34.142z\"><\/path><\/svg><\/span>\n\t\t\t\t\t\t\t\t\t\t\t\t\t<\/span>\n\t\t\t\t\t\t\t\t\t\t\t\t<a class=\"elementor-toggle-title\" tabindex=\"0\">Fonctionnement et financement<\/a>\n\t\t\t\t\t<\/div>\n\n\t\t\t\t\t<div id=\"elementor-tab-content-2152\" class=\"elementor-tab-content elementor-clearfix\" data-tab=\"2\" role=\"region\" aria-labelledby=\"elementor-tab-title-2152\"><p style=\"font-size: 20px; font-style: normal; font-weight: 400;\"><i>Des structures \u00e0 fort \u00e9tayage (accompagnement 24h\/24) existent et fonctionnent.<\/i><\/p><p style=\"font-size: 20px; font-style: normal; font-weight: 400;\">Auror\u00e6Via sera le domicile priv\u00e9 des colocataires \u2013 ils accueilleront donc les intervenants chez eux.<\/p><p style=\"font-size: 20px; font-style: normal; font-weight: 400;\">L\u2019\u00e9quipe sera pluridisciplinaire (Accompagnant Educatif et Social, Aide-Soignant, Auxiliaire de Vie Sociale) et anim\u00e9e par un animateur du projet de vie sociale et partag\u00e9e.<\/p><p style=\"font-size: 20px; font-style: normal; font-weight: 400;\">Le principe fondamental repose sur la mise en commun des heures d\u2019accompagnement attribu\u00e9es \u00e0 chaque colocataire. En effet, \u00e0 lui seul, un colocataire ne peut pas vivre de mani\u00e8re ind\u00e9pendante avec quelques heures d\u2019aide par jour. La mise en commun partielle ou totale des heures par le groupe des 6 colocataires leur permet de b\u00e9n\u00e9ficier d\u2019une assistance 24h\/24 et 7j\/7.<\/p><p style=\"font-size: 20px; font-style: normal; font-weight: 400;\">Un dossier MDPH sera constitu\u00e9 par les repr\u00e9sentants l\u00e9gaux 9 \u00e0 12 mois en amont de l&#8217;emm\u00e9nagement pour d\u00e9terminer les droits en aide humaine (PCH) qui financeront le salaire des accompagnants. Il n&rsquo;y a pas besoin d&rsquo;une orientation MDPH.<\/p><p style=\"font-size: 20px; font-style: normal; font-weight: 400;\">Une demande d\u2019aide m\u00e9nag\u00e8re du d\u00e9partement est \u00e0 demander au CCAS ou \u00e0 la mairie.<\/p><p style=\"font-size: 20px; font-style: normal; font-weight: 400;\">Le logement est r\u00e9gi par le droit commun car il ne s\u2019agit pas d\u2019une structure m\u00e9dico-sociale, mais d\u2019un habitat en milieu ordinaire.<br \/>Un-e animateur-rice de la vie sociale et partag\u00e9e assure la coordination entre tous les professionnels et veille \u00e0 la qualit\u00e9 de vie individuelle et commune, au plus pr\u00e8s des besoins et attentes de chaque colocataire.<br \/>Une charte de vie sociale et partag\u00e9e garantit les engagements respectifs entre chacun.<br \/>Une coordination des soins m\u00e9dicaux permet d\u2019acc\u00e9der \u00e0 tous les soins avec l\u2019intervention de l\u2019h\u00f4pital \u00e0 domicile si besoin, pour \u00e9viter au maximum des hospitalisations, et garantir un accompagnement digne jusqu\u2019\u00e0 la fin.<\/p><p style=\"font-size: 20px; font-style: normal; font-weight: 400;\">LE LOYER ET LES FRAIS D\u2019H\u00c9BERGEMENT<\/p><p style=\"font-size: 20px; font-style: normal; font-weight: 400;\">679\u20ac\/ mois maximum (soit 70% de l\u2019AAH).<br \/>Les charges partag\u00e9es comprennent l&rsquo;\u00e9lectricit\u00e9, le gaz, l&rsquo;eau, les courses alimentaires, les assurances, les \u00e9quipements des espaces communs, les co\u00fbts li\u00e9s au v\u00e9hicule PMR, etc&#8230;<br \/>Les allocations Adulte Handicap\u00e9 (AAH), Majoration Vie Autonome (MVA) et Logements (AL) peuvent aider \u00e0 financer ces charges.<\/p><p><img fetchpriority=\"high\" decoding=\"async\" class=\"aligncenter wp-image-863 size-full\" src=\"https:\/\/www.auroraevia.fr\/wp-content\/uploads\/2024\/05\/projet1.jpg\" alt=\"\" width=\"1569\" height=\"875\" srcset=\"https:\/\/www.auroraevia.fr\/wp-content\/uploads\/2024\/05\/projet1.jpg 1569w, https:\/\/www.auroraevia.fr\/wp-content\/uploads\/2024\/05\/projet1-300x167.jpg 300w, https:\/\/www.auroraevia.fr\/wp-content\/uploads\/2024\/05\/projet1-1024x571.jpg 1024w, https:\/\/www.auroraevia.fr\/wp-content\/uploads\/2024\/05\/projet1-768x428.jpg 768w, https:\/\/www.auroraevia.fr\/wp-content\/uploads\/2024\/05\/projet1-1536x857.jpg 1536w\" sizes=\"(max-width: 1569px) 100vw, 1569px\" \/><\/p><p style=\"font-size: 20px; font-style: normal; font-weight: 400;\">LE SALAIRE DE L\u2019ANIMATEUR-TRICE DU PROJET DE VIE SOCIALE ET PARTAG\u00c9E<\/p><p style=\"font-size: 20px; font-style: normal; font-weight: 400;\">La source de financement de ce poste par des modes de financements diversifi\u00e9s assurera le soutien p\u00e9renne de l\u2019animation.<\/p><p style=\"font-size: 20px; font-style: normal; font-weight: 400;\">Si nous obtenons une convention avec le Conseil d\u00e9partemental, l\u2019AVP (Aide \u00e0 la vie partag\u00e9e) de chaque colocataire sera mutualis\u00e9e pour financer tout ou partie de ce salaire.<\/p><p style=\"font-size: 20px; font-style: normal; font-weight: 400;\">\u00a0<\/p><\/div>\n\t\t\t\t<\/div>\n\t\t\t\t\t\t\t<div class=\"elementor-toggle-item\">\n\t\t\t\t\t<div id=\"elementor-tab-title-2153\" class=\"elementor-tab-title\" data-tab=\"3\" role=\"button\" aria-controls=\"elementor-tab-content-2153\" aria-expanded=\"false\">\n\t\t\t\t\t\t\t\t\t\t\t\t<span class=\"elementor-toggle-icon elementor-toggle-icon-left\" aria-hidden=\"true\">\n\t\t\t\t\t\t\t\t\t\t\t\t\t\t\t<span class=\"elementor-toggle-icon-closed\"><svg class=\"e-font-icon-svg e-fas-caret-right\" viewBox=\"0 0 192 512\" xmlns=\"http:\/\/www.w3.org\/2000\/svg\"><path d=\"M0 384.662V127.338c0-17.818 21.543-26.741 34.142-14.142l128.662 128.662c7.81 7.81 7.81 20.474 0 28.284L34.142 398.804C21.543 411.404 0 402.48 0 384.662z\"><\/path><\/svg><\/span>\n\t\t\t\t\t\t\t\t<span class=\"elementor-toggle-icon-opened\"><svg class=\"elementor-toggle-icon-opened e-font-icon-svg e-fas-caret-up\" viewBox=\"0 0 320 512\" xmlns=\"http:\/\/www.w3.org\/2000\/svg\"><path d=\"M288.662 352H31.338c-17.818 0-26.741-21.543-14.142-34.142l128.662-128.662c7.81-7.81 20.474-7.81 28.284 0l128.662 128.662c12.6 12.599 3.676 34.142-14.142 34.142z\"><\/path><\/svg><\/span>\n\t\t\t\t\t\t\t\t\t\t\t\t\t<\/span>\n\t\t\t\t\t\t\t\t\t\t\t\t<a class=\"elementor-toggle-title\" tabindex=\"0\">Le volet ressource aux aidants<\/a>\n\t\t\t\t\t<\/div>\n\n\t\t\t\t\t<div id=\"elementor-tab-content-2153\" class=\"elementor-tab-content elementor-clearfix\" data-tab=\"3\" role=\"region\" aria-labelledby=\"elementor-tab-title-2153\"><p style=\"font-size: 20px; font-style: normal; font-weight: 400;\">Il sera mis en place d\u00e8s connaissance des personnes concern\u00e9es via le retour du questionnaire afin de:<\/p><ul style=\"font-size: 20px; font-style: normal; font-weight: 400;\"><li>\u00e9couter activement<\/li><li>partager des informations sur les dispositifs du territoire d\u2019accompagnement et de r\u00e9pit aux aidants en fonction des besoins et des attentes<\/li><li>orienter et accompagner vers les d\u00e9marches \u00e0 effectuer si besoin<\/li><li aria-level=\"1\">sensibiliser sur le processus du vieillissement, de la fin de vie et de la mort<\/li><li aria-level=\"1\">favoriser l\u2019inclusion dans la cit\u00e9 des personnes porteuses de handicap vieillissantes\u00a0<\/li><li aria-level=\"1\">travailler ensemble sur le projet de vie sociale et partag\u00e9e de l\u2019habitat partag\u00e9<\/li><li aria-level=\"1\">d\u00e9buter la file active de l\u2019habitat\u00a0<\/li><\/ul><\/div>\n\t\t\t\t<\/div>\n\t\t\t\t\t\t\t<div class=\"elementor-toggle-item\">\n\t\t\t\t\t<div id=\"elementor-tab-title-2154\" class=\"elementor-tab-title\" data-tab=\"4\" role=\"button\" aria-controls=\"elementor-tab-content-2154\" aria-expanded=\"false\">\n\t\t\t\t\t\t\t\t\t\t\t\t<span class=\"elementor-toggle-icon elementor-toggle-icon-left\" aria-hidden=\"true\">\n\t\t\t\t\t\t\t\t\t\t\t\t\t\t\t<span class=\"elementor-toggle-icon-closed\"><svg class=\"e-font-icon-svg e-fas-caret-right\" viewBox=\"0 0 192 512\" xmlns=\"http:\/\/www.w3.org\/2000\/svg\"><path d=\"M0 384.662V127.338c0-17.818 21.543-26.741 34.142-14.142l128.662 128.662c7.81 7.81 7.81 20.474 0 28.284L34.142 398.804C21.543 411.404 0 402.48 0 384.662z\"><\/path><\/svg><\/span>\n\t\t\t\t\t\t\t\t<span class=\"elementor-toggle-icon-opened\"><svg class=\"elementor-toggle-icon-opened e-font-icon-svg e-fas-caret-up\" viewBox=\"0 0 320 512\" xmlns=\"http:\/\/www.w3.org\/2000\/svg\"><path d=\"M288.662 352H31.338c-17.818 0-26.741-21.543-14.142-34.142l128.662-128.662c7.81-7.81 20.474-7.81 28.284 0l128.662 128.662c12.6 12.599 3.676 34.142-14.142 34.142z\"><\/path><\/svg><\/span>\n\t\t\t\t\t\t\t\t\t\t\t\t\t<\/span>\n\t\t\t\t\t\t\t\t\t\t\t\t<a class=\"elementor-toggle-title\" tabindex=\"0\">L\u2019accompagnement des actes de la vie quotidienne<\/a>\n\t\t\t\t\t<\/div>\n\n\t\t\t\t\t<div id=\"elementor-tab-content-2154\" class=\"elementor-tab-content elementor-clearfix\" data-tab=\"4\" role=\"region\" aria-labelledby=\"elementor-tab-title-2154\"><p>L\u2019accompagnement se fera selon 4 volets:<\/p><ul><li aria-level=\"1\">l\u2019aide aux actes de la vie quotidienne<\/li><li aria-level=\"1\">l\u2019accompagnement \u00e0 la vie sociale et citoyenne sur la commune<\/li><li aria-level=\"1\">les soins m\u00e9dicaux et param\u00e9dicaux<\/li><li aria-level=\"1\">l\u2019animation du projet de vie sociale et partag\u00e9e\u00a0<\/li><\/ul><p><span style=\"text-decoration: underline;\">L\u2019aide aux actes de la vie quotidienne :<\/span><\/p><ul><li aria-level=\"2\">Les accompagnants seront au minimum 2 en permanence, 24h\/24, \u00e0 \u00e9valuer en fonction des besoins la nuit.<\/li><li aria-level=\"2\">Tous les moyens ergonomiques requis seront pr\u00e9vus pour faciliter les accompagnements.<\/li><li aria-level=\"2\">La prise en compte des besoins de chaque colocataire impliquera une organisation \u00e0 la demande, quotidiennement adapt\u00e9e et souple (en fonction des moments d\u2019\u00e9veil, d\u2019app\u00e9tit\u2026).<\/li><li aria-level=\"2\">Les courses, la pr\u00e9paration des repas et les diff\u00e9rentes t\u00e2ches m\u00e9nag\u00e8res seront effectu\u00e9es par les accompagnants, en pr\u00e9sence des habitants, selon leurs souhaits, qui profiteront ainsi d\u2019une participation active, de stimulations visuelles, olfactives, auditives\u2026<\/li><\/ul><p><span style=\"text-decoration: underline;\">L\u2019accompagnement \u00e0 la vie sociale et citoyenne sur la commune:<\/span><\/p><ul><li aria-level=\"2\">Les proches souhaitant participer \u00e0 des moments de convivialit\u00e9, d\u2019aide aux repas ou de sorties seront les bienvenus; cette contribution de proches ou de b\u00e9n\u00e9voles sera volontaire et compl\u00e9mentaire.<\/li><li aria-level=\"2\">Des activit\u00e9s collectives et individuelles en lien avec l\u2019environnement social et culturel du territoire: des sorties dans la commune, les courses chez les commer\u00e7ants, producteurs locaux et au march\u00e9, des repas au restaurant, des rendez-vous chez le coiffeur ou encore chez l\u2019esth\u00e9ticienne, des activit\u00e9s autour du bien-\u00eatre, de la m\u00e9diation animale, de la musique, du chant, ou encore \u00e0 la biblioth\u00e8que\u2026<\/li><li aria-level=\"2\">La participation aux \u00e9v\u00e8nements: les spectacles, les f\u00eates de la commune, de l\u2019Ehpad voisin, d\u2019autres habitats inclusifs ou d\u2019\u00e9tablissement m\u00e9dico-sociaux du territoire, des cr\u00e8ches et d\u2019\u00e9coles voisines,\u00a0 des services jeunesse de la ville ou autres associations pour favoriser l\u2019inclusion et retrouver une place en tant que citoyen \u00e0 part enti\u00e8re.<\/li><li aria-level=\"2\">Des moments de convialit\u00e9 et de sensibilisation seront organis\u00e9s \u00e0 destination des proches, des salari\u00e9s, du voisinage, des citoyens.<\/li><li aria-level=\"2\">Les activit\u00e9s se feront en fonction des choix et des centres d\u2019int\u00e9r\u00eat de chacun, en recherche de l\u2019\u00e9quilibre entre la vie priv\u00e9e, l\u2019\u00e9tat de fatigue et le lien social.<\/li><li aria-level=\"2\">La proximit\u00e9 des transports, des services et des commerces compl\u00e8te la mixit\u00e9 du projet immobilier qui comprend une centaine de logements et une salle d\u00e9di\u00e9e aux associations: il s\u2019agit bien d\u2019un logement ordinaire inclus dans la cit\u00e9.<\/li><\/ul><p><span style=\"text-decoration: underline;\">Les soins m\u00e9dicaux et param\u00e9dicaux:<\/span><\/p><ul><li aria-level=\"2\">Ils seront dispens\u00e9s par les soignants lib\u00e9raux locaux et l\u2019H\u00f4pital \u00e0 domicile si besoin.<\/li><li aria-level=\"2\">L\u2019accompagnement \u00e0 2 professionnels sera syst\u00e9matique d\u00e8s que besoin, pour le confort des habitants et des professionnels, \u00e9ventuellement avec la collaboration des diff\u00e9rents intervenants m\u00e9dicaux et param\u00e9dicaux lib\u00e9raux (infirmi\u00e8res, kin\u00e9s, HAD\u2026).<\/li><li aria-level=\"2\">En fonction des besoins, les \u00e9quipes mobiles de soins palliatifs, d\u2019\u00e9pilepsie ou de g\u00e9ronto-psy seront sollicit\u00e9es pour adapter l\u2019accompagnement.<\/li><li aria-level=\"2\">L\u2019\u00e9tat de veille de l\u2019H\u00f4pital \u00e0 Domicile permettra de mettre en place une hospitalisation \u00e0 domicile rapidement afin d\u2019\u00e9viter des hospitalisations au maximum.<\/li><li aria-level=\"2\">une offre de services sanitaire ou m\u00e9dico-sociale individualis\u00e9e pour l\u2019aide et la surveillance en fonction de leurs besoins pourra \u00eatre sollicit\u00e9e.<\/li><\/ul><p><a href=\"https:\/\/www.auroraevia.fr\/?page_id=459\"><span style=\"text-decoration: underline;\">L&rsquo;animation du projet de vie sociale et partag\u00e9e<\/span><\/a><\/p><p><span style=\"text-decoration: underline;\">Les salari\u00e9s:<\/span><\/p><ul><li aria-level=\"2\">Ils sont impliqu\u00e9s d\u00e8s la conception du projet, au sujet de la gouvernance, du recrutement, de l\u2019\u00e9laboration du planning, ceci afin d\u2019\u00eatre acteurs de leur vie professionnelle.\u00a0<\/li><li aria-level=\"2\">Les salari\u00e9s seront choisis en fonction de leur exp\u00e9rience, de leur motivation \u00e0 accompagner des personnes n\u00e9cessitant un accompagnement sp\u00e9cifique, et seront par cons\u00e9quent form\u00e9s \u00e0 cela.<\/li><li aria-level=\"2\">Une analyse de leurs pratiques sera assur\u00e9e.<\/li><li aria-level=\"2\">Ils seront salari\u00e9s des colocataires eux-m\u00eames par l\u2019interm\u00e9diaire d\u2019un service mandataire ou sinon d\u2019un service prestataire.<\/li><\/ul><\/div>\n\t\t\t\t<\/div>\n\t\t\t\t\t\t\t\t<\/div>\n\t\t\t\t\t\t<\/div>\n\t\t\t\t<\/div>\n\t\t\t\t<\/div>\n\t\t\t\t\t<\/div>\n\t\t\t\t<\/div>\n\t\t\t\t<\/div>\n\t\t","protected":false},"excerpt":{"rendered":"<p>En quoi consiste le projet Auror\u00e6Via ? Quatre activit\u00e9s : Un habitat inclusif pour 6 personnes porteuses de trisomie 21 [&hellip;]<\/p>\n","protected":false},"author":4,"featured_media":0,"parent":0,"menu_order":0,"comment_status":"closed","ping_status":"closed","template":"elementor_header_footer","meta":{"om_disable_all_campaigns":false,"_monsterinsights_skip_tracking":false,"_monsterinsights_sitenote_active":false,"_monsterinsights_sitenote_note":"","_monsterinsights_sitenote_category":0,"site-sidebar-layout":"default","site-content-layout":"","ast-site-content-layout":"","site-content-style":"default","site-sidebar-style":"default","ast-global-header-display":"","ast-banner-title-visibility":"","ast-main-header-display":"","ast-hfb-above-header-display":"","ast-hfb-below-header-display":"","ast-hfb-mobile-header-display":"","site-post-title":"","ast-breadcrumbs-content":"","ast-featured-img":"","footer-sml-layout":"","theme-transparent-header-meta":"","adv-header-id-meta":"","stick-header-meta":"","header-above-stick-meta":"","header-main-stick-meta":"","header-below-stick-meta":"","astra-migrate-meta-layouts":"default","ast-page-background-enabled":"default","ast-page-background-meta":{"desktop":{"background-color":"var(--ast-global-color-4)","background-image":"","background-repeat":"repeat","background-position":"center center","background-size":"auto","background-attachment":"scroll","background-type":"","background-media":"","overlay-type":"","overlay-color":"","overlay-gradient":""},"tablet":{"background-color":"","background-image":"","background-repeat":"repeat","background-position":"center center","background-size":"auto","background-attachment":"scroll","background-type":"","background-media":"","overlay-type":"","overlay-color":"","overlay-gradient":""},"mobile":{"background-color":"","background-image":"","background-repeat":"repeat","background-position":"center center","background-size":"auto","background-attachment":"scroll","background-type":"","background-media":"","overlay-type":"","overlay-color":"","overlay-gradient":""}},"ast-content-background-meta":{"desktop":{"background-color":"var(--ast-global-color-5)","background-image":"","background-repeat":"repeat","background-position":"center center","background-size":"auto","background-attachment":"scroll","background-type":"","background-media":"","overlay-type":"","overlay-color":"","overlay-gradient":""},"tablet":{"background-color":"var(--ast-global-color-5)","background-image":"","background-repeat":"repeat","background-position":"center center","background-size":"auto","background-attachment":"scroll","background-type":"","background-media":"","overlay-type":"","overlay-color":"","overlay-gradient":""},"mobile":{"background-color":"var(--ast-global-color-5)","background-image":"","background-repeat":"repeat","background-position":"center center","background-size":"auto","background-attachment":"scroll","background-type":"","background-media":"","overlay-type":"","overlay-color":"","overlay-gradient":""}},"footnotes":""},"class_list":["post-143","page","type-page","status-publish","hentry"],"aioseo_notices":[],"_links":{"self":[{"href":"https:\/\/www.auroraevia.fr\/index.php?rest_route=\/wp\/v2\/pages\/143","targetHints":{"allow":["GET"]}}],"collection":[{"href":"https:\/\/www.auroraevia.fr\/index.php?rest_route=\/wp\/v2\/pages"}],"about":[{"href":"https:\/\/www.auroraevia.fr\/index.php?rest_route=\/wp\/v2\/types\/page"}],"author":[{"embeddable":true,"href":"https:\/\/www.auroraevia.fr\/index.php?rest_route=\/wp\/v2\/users\/4"}],"replies":[{"embeddable":true,"href":"https:\/\/www.auroraevia.fr\/index.php?rest_route=%2Fwp%2Fv2%2Fcomments&post=143"}],"version-history":[{"count":509,"href":"https:\/\/www.auroraevia.fr\/index.php?rest_route=\/wp\/v2\/pages\/143\/revisions"}],"predecessor-version":[{"id":1803,"href":"https:\/\/www.auroraevia.fr\/index.php?rest_route=\/wp\/v2\/pages\/143\/revisions\/1803"}],"wp:attachment":[{"href":"https:\/\/www.auroraevia.fr\/index.php?rest_route=%2Fwp%2Fv2%2Fmedia&parent=143"}],"curies":[{"name":"wp","href":"https:\/\/api.w.org\/{rel}","templated":true}]}}