{"id":459,"date":"2024-05-04T02:39:24","date_gmt":"2024-05-04T00:39:24","guid":{"rendered":"https:\/\/www.auroraevia.fr\/?page_id=459"},"modified":"2024-06-04T16:17:53","modified_gmt":"2024-06-04T14:17:53","slug":"elementor-459","status":"publish","type":"page","link":"https:\/\/www.auroraevia.fr\/?page_id=459","title":{"rendered":"L\u00e9gislation habitat inclusif"},"content":{"rendered":"\t\t<div data-elementor-type=\"wp-page\" data-elementor-id=\"459\" class=\"elementor elementor-459\">\n\t\t\t\t<div class=\"elementor-element elementor-element-1c44e65 e-flex e-con-boxed e-con e-parent\" data-id=\"1c44e65\" data-element_type=\"container\" data-settings=\"{&quot;background_background&quot;:&quot;classic&quot;}\">\n\t\t\t\t\t<div class=\"e-con-inner\">\n\t\t\t\t<div class=\"elementor-element elementor-element-a64c598 elementor-widget elementor-widget-heading\" data-id=\"a64c598\" data-element_type=\"widget\" data-widget_type=\"heading.default\">\n\t\t\t\t<div class=\"elementor-widget-container\">\n\t\t\t\t\t<h1 class=\"elementor-heading-title elementor-size-default\">QU'EST CE QU'UN HABITAT INCLUSIF?<\/h1>\t\t\t\t<\/div>\n\t\t\t\t<\/div>\n\t\t\t\t<div class=\"elementor-element elementor-element-113a348 elementor-align-center elementor-widget elementor-widget-button\" data-id=\"113a348\" data-element_type=\"widget\" data-widget_type=\"button.default\">\n\t\t\t\t<div class=\"elementor-widget-container\">\n\t\t\t\t\t\t\t\t\t<div class=\"elementor-button-wrapper\">\n\t\t\t\t\t<a class=\"elementor-button elementor-button-link elementor-size-sm\" href=\"https:\/\/www.monparcourshandicap.gouv.fr\/sites\/default\/files\/2023-12\/Guide_FALC_L_habitat_inclusif_0.pdf\" target=\"_blank\">\n\t\t\t\t\t\t<span class=\"elementor-button-content-wrapper\">\n\t\t\t\t\t\t\t\t\t<span class=\"elementor-button-text\">Description en FALC<\/span>\n\t\t\t\t\t<\/span>\n\t\t\t\t\t<\/a>\n\t\t\t\t<\/div>\n\t\t\t\t\t\t\t\t<\/div>\n\t\t\t\t<\/div>\n\t\t\t\t<div class=\"elementor-element elementor-element-ba843da elementor-widget elementor-widget-text-editor\" data-id=\"ba843da\" data-element_type=\"widget\" data-widget_type=\"text-editor.default\">\n\t\t\t\t<div class=\"elementor-widget-container\">\n\t\t\t\t\t\t\t\t\t<p>source : www.monparcourshandicap.gouv<\/p>\t\t\t\t\t\t\t\t<\/div>\n\t\t\t\t<\/div>\n\t\t\t\t\t<\/div>\n\t\t\t\t<\/div>\n\t\t<div class=\"elementor-element elementor-element-a9d964d e-flex e-con-boxed e-con e-parent\" data-id=\"a9d964d\" data-element_type=\"container\" data-settings=\"{&quot;background_background&quot;:&quot;classic&quot;}\">\n\t\t\t\t\t<div class=\"e-con-inner\">\n\t\t\t\t<div class=\"elementor-element elementor-element-3bb69cc elementor-widget-mobile__width-initial elementor-widget elementor-widget-heading\" data-id=\"3bb69cc\" data-element_type=\"widget\" data-widget_type=\"heading.default\">\n\t\t\t\t<div class=\"elementor-widget-container\">\n\t\t\t\t\t<h2 class=\"elementor-heading-title elementor-size-default\">D\u00e9finition de l'habitat inclusif<\/h2>\t\t\t\t<\/div>\n\t\t\t\t<\/div>\n\t\t\t\t<div class=\"elementor-element elementor-element-61d78f0 elementor-widget elementor-widget-text-editor\" data-id=\"61d78f0\" data-element_type=\"widget\" data-widget_type=\"text-editor.default\">\n\t\t\t\t<div class=\"elementor-widget-container\">\n\t\t\t\t\t\t\t\t\t<p><span style=\"white-space-collapse: preserve;\">Art. L. 281-1 du Code de l&rsquo;action sociale et des familles.-\u00a0<br \/>L&rsquo;habitat inclusif est destin\u00e9 aux personnes handicap\u00e9es et aux personnes \u00e2g\u00e9es qui font le choix, \u00e0 titre de r\u00e9sidence principale, d&rsquo;un mode d&rsquo;habitation regroup\u00e9, entre elles ou avec d&rsquo;autres personnes, le cas \u00e9ch\u00e9ant dans le respect des conditions d&rsquo;attribution des logements locatifs sociaux pr\u00e9vues au chapitre Ier du titre IV du livre IV du code de la construction et de l&rsquo;habitation et des conditions d&rsquo;orientation vers les logements-foyers pr\u00e9vues \u00e0 l&rsquo;article L. 345-2-8 du pr\u00e9sent code, et assorti d&rsquo;un projet de vie sociale et partag\u00e9e d\u00e9fini par un cahier des charges national fix\u00e9 par arr\u00eat\u00e9 des ministres charg\u00e9s des personnes \u00e2g\u00e9es, des personnes handicap\u00e9es et du logement.<br \/><br \/>Les habitants et, le cas \u00e9ch\u00e9ant, leurs repr\u00e9sentants, \u00e9laborent et pilotent, avec l\u2019appui du porteur, le projet de vie sociale et partag\u00e9e. Celui-ci propose a minima la mise en place d\u2019activit\u00e9s destin\u00e9es \u00e0 l\u2019ensemble des habitants (mais sans obligation de participation). Il peut s\u2019agir d\u2019activit\u00e9s de convivialit\u00e9, sportives, ludiques ou culturelles, effectu\u00e9es au sein ou \u00e0 l\u2019ext\u00e9rieur de l\u2019habitat inclusif. L\u2019objectif du projet est donc de favoriser le \u00ab vivre ensemble \u00bb, pour limiter le risque d\u2019isolement de publics parfois fragiles. La temporalit\u00e9 de ces activit\u00e9s doit \u00eatre r\u00e9fl\u00e9chie afin de co\u00efncider avec les rythmes de vie de chacun.<br \/><br \/>Le projet de vie sociale et partag\u00e9e, d\u00e8s sa conception, doit int\u00e9grer la pr\u00e9vention de la perte d\u2019autonomie d\u2019une part, et d\u2019autre part, l\u2019anticipation des risques d\u2019\u00e9volution de la situation des personnes. L\u2019appui aux habitants d\u2019un dispositif d\u2019habitat inclusif se fait dans quatre dimensions :\u00a0<br \/>\u2013 La veille et la s\u00e9curisation de la vie \u00e0 domicile ;\u00a0<br \/>\u2013 Le soutien \u00e0 l\u2019autonomie de la personne ;\u00a0<br \/>\u2013 Le soutien \u00e0 la convivialit\u00e9 (organisation d\u2019activit\u00e9s collectives, animation des espaces communs, int\u00e9gration des familles et des proches, visites d\u2019intervenants internes ou externes, pr\u00e9sence de b\u00e9n\u00e9voles, inscription dans le tissu associatif local);<br \/>\u2013 L\u2019aide \u00e0 la participation sociale et citoyenne.<\/span><\/p>\t\t\t\t\t\t\t\t<\/div>\n\t\t\t\t<\/div>\n\t\t\t\t<div class=\"elementor-element elementor-element-c3c128e elementor-widget-mobile__width-initial elementor-widget elementor-widget-heading\" data-id=\"c3c128e\" data-element_type=\"widget\" data-widget_type=\"heading.default\">\n\t\t\t\t<div class=\"elementor-widget-container\">\n\t\t\t\t\t<h2 class=\"elementor-heading-title elementor-size-default\">Projet de vie sociale et partag\u00e9e<\/h2>\t\t\t\t<\/div>\n\t\t\t\t<\/div>\n\t\t\t\t<div class=\"elementor-element elementor-element-2561d38 elementor-widget elementor-widget-text-editor\" data-id=\"2561d38\" data-element_type=\"widget\" data-widget_type=\"text-editor.default\">\n\t\t\t\t<div class=\"elementor-widget-container\">\n\t\t\t\t\t\t\t\t\t<p>En amont, alors que les futurs habitants ne sont pas encore connus, le porteur de projet peut travailler son projet de vie sociale et partag\u00e9e en lan\u00e7ant une dynamique citoyenne autour d\u2019habitants potentiels, en collaboration avec la municipalit\u00e9 concern\u00e9e. La participation des habitants peut prendre diff\u00e9rentes formes : r\u00e9unions publiques, ateliers&#8230;en amont du projet, rencontres r\u00e9guli\u00e8res entre les habitants, r\u00e9unions formelles d&rsquo;un conseil de maison&#8230; apr\u00e8s l&rsquo;ouverture.<br \/><span style=\"font-style: inherit; font-weight: inherit; text-align: var(--text-align);\"><br \/>Le projet de vie sociale et partag\u00e9e est un document dont l\u2019\u00e9laboration est n\u00e9cessaire pour pr\u00e9tendre dans le cadre de l\u2019habitat inclusif \u00e0 l\u2019Aide \u00e0 la Vie Partag\u00e9e (AVP). Il doit bien retranscrire la participation des habitants au projet et la fa\u00e7on dont nous soutenons leur autonomie et garantissons leur participation sociale et citoyenne. Le contenu doit \u00eatre en ad\u00e9quation avec les besoins et envies des habitants, et des possibilit\u00e9s du territoire dans lequel l\u2019habitat est implant\u00e9. Pour satisfaire les habitants de mani\u00e8re p\u00e9renne, il doit \u00eatre rediscut\u00e9 et modifi\u00e9 si besoin.<\/span><\/p>\t\t\t\t\t\t\t\t<\/div>\n\t\t\t\t<\/div>\n\t\t\t\t<div class=\"elementor-element elementor-element-507e866 elementor-widget elementor-widget-heading\" data-id=\"507e866\" data-element_type=\"widget\" data-widget_type=\"heading.default\">\n\t\t\t\t<div class=\"elementor-widget-container\">\n\t\t\t\t\t<h2 class=\"elementor-heading-title elementor-size-default\">R\u00f4le de  l'animateur-trice du projet de vie sociale et partag\u00e9e<\/h2>\t\t\t\t<\/div>\n\t\t\t\t<\/div>\n\t\t\t\t<div class=\"elementor-element elementor-element-b751076 elementor-widget elementor-widget-text-editor\" data-id=\"b751076\" data-element_type=\"widget\" data-widget_type=\"text-editor.default\">\n\t\t\t\t<div class=\"elementor-widget-container\">\n\t\t\t\t\t\t\t\t\t<p>Plac\u00e9e sous la responsabilit\u00e9 de l\u2019association porteuse du projet, la personne en charge de l\u2019animation de la vie sociale et partag\u00e9e au sein de l\u2019habitat est garante de la qualit\u00e9 et de la mise en \u0153uvre, en lien avec les \u00e9quipes de proximit\u00e9, du projet de vie sociale et partag\u00e9e, et de l\u2019inclusion des colocataires dans la soci\u00e9t\u00e9.<\/p><p>Elle est garante du bon accompagnement des colocataires, leur permettant de vivre chez eux, en s\u00e9curit\u00e9, au plus proche de leurs envies et souhaits tout en tenant compte des sp\u00e9cificit\u00e9s li\u00e9es aux troubles cognitifs.<\/p><p>Elle veille au respect des valeurs associatives au sein de l\u2019habitat. Elle a\u00a0pour responsabilit\u00e9 la r\u00e9gulation, la coordination des interactions au sein de l\u2019habitat et la mise en mise en \u0153uvre du projet de vie sociale et partag\u00e9e, en veillant \u00e0\u00a0la participation et l\u2019autod\u00e9termination des habitants.<\/p>\t\t\t\t\t\t\t\t<\/div>\n\t\t\t\t<\/div>\n\t\t\t\t<div class=\"elementor-element elementor-element-c270fc0 elementor-widget elementor-widget-heading\" data-id=\"c270fc0\" data-element_type=\"widget\" data-widget_type=\"heading.default\">\n\t\t\t\t<div class=\"elementor-widget-container\">\n\t\t\t\t\t<h2 class=\"elementor-heading-title elementor-size-default\">Accompagnement des actes de la vie quotidienne\n<\/h2>\t\t\t\t<\/div>\n\t\t\t\t<\/div>\n\t\t\t\t<div class=\"elementor-element elementor-element-0bb8d49 elementor-widget elementor-widget-text-editor\" data-id=\"0bb8d49\" data-element_type=\"widget\" data-widget_type=\"text-editor.default\">\n\t\t\t\t<div class=\"elementor-widget-container\">\n\t\t\t\t\t\t\t\t\t<p><span style=\"font-weight: 400;\">Il s\u2019agit d\u2019un logement ordinaire au sein duquel les personnes en situation de handicap choisissent elles-m\u00eames les intervenants susceptibles de les accompagner : emploi direct, service d\u2019aide et d\u2019accompagnement \u00e0 domicile (SAAD), service <\/span><span style=\"font-weight: 400;\">d&rsquo;accompagnement m\u00e9dico-social pour adultes handicap\u00e9s (SAMSAH), service d&rsquo;accompagnement \u00e0 la vie sociale (SAVS), service polyvalent d\u2019aide et de soins \u00e0 domicile (SPASAD), service de soins infirmiers \u00e0 domicile (SSIAD), groupe d\u2019entraide mutuelle (GEM)\u2026<\/span><\/p>\t\t\t\t\t\t\t\t<\/div>\n\t\t\t\t<\/div>\n\t\t\t\t<div class=\"elementor-element elementor-element-e476c8b elementor-widget elementor-widget-spacer\" data-id=\"e476c8b\" data-element_type=\"widget\" data-widget_type=\"spacer.default\">\n\t\t\t\t<div class=\"elementor-widget-container\">\n\t\t\t\t\t\t\t<div class=\"elementor-spacer\">\n\t\t\t<div class=\"elementor-spacer-inner\"><\/div>\n\t\t<\/div>\n\t\t\t\t\t\t<\/div>\n\t\t\t\t<\/div>\n\t\t\t\t<div class=\"elementor-element elementor-element-8a81383 elementor-widget elementor-widget-heading\" data-id=\"8a81383\" data-element_type=\"widget\" data-widget_type=\"heading.default\">\n\t\t\t\t<div class=\"elementor-widget-container\">\n\t\t\t\t\t<h2 class=\"elementor-heading-title elementor-size-default\">Plus d'informations<\/h2>\t\t\t\t<\/div>\n\t\t\t\t<\/div>\n\t\t<div class=\"elementor-element elementor-element-a0859bc e-grid e-con-boxed e-con e-child\" data-id=\"a0859bc\" data-element_type=\"container\">\n\t\t\t\t\t<div class=\"e-con-inner\">\n\t\t\t\t<div class=\"elementor-element elementor-element-2bb91e3 elementor-align-right elementor-mobile-align-center elementor-widget elementor-widget-button\" data-id=\"2bb91e3\" data-element_type=\"widget\" data-widget_type=\"button.default\">\n\t\t\t\t<div class=\"elementor-widget-container\">\n\t\t\t\t\t\t\t\t\t<div class=\"elementor-button-wrapper\">\n\t\t\t\t\t<a class=\"elementor-button elementor-button-link elementor-size-sm\" href=\"https:\/\/www.monparcourshandicap.gouv.fr\/actualite\/decouvrir-lhabitat-inclusif#:~:text=L&#039;habitat%20inclusif%20s&#039;adresse,de%20vie%20sociale%20et%20partag%C3%A9e.\" target=\"_blank\">\n\t\t\t\t\t\t<span class=\"elementor-button-content-wrapper\">\n\t\t\t\t\t\t\t\t\t<span class=\"elementor-button-text\">Monparcourshandicap.gouv<\/span>\n\t\t\t\t\t<\/span>\n\t\t\t\t\t<\/a>\n\t\t\t\t<\/div>\n\t\t\t\t\t\t\t\t<\/div>\n\t\t\t\t<\/div>\n\t\t\t\t<div class=\"elementor-element elementor-element-71d794d elementor-align-left elementor-mobile-align-center elementor-widget elementor-widget-button\" data-id=\"71d794d\" data-element_type=\"widget\" data-widget_type=\"button.default\">\n\t\t\t\t<div class=\"elementor-widget-container\">\n\t\t\t\t\t\t\t\t\t<div class=\"elementor-button-wrapper\">\n\t\t\t\t\t<a class=\"elementor-button elementor-button-link elementor-size-sm\" href=\"https:\/\/www.cnsa.fr\/documentation\/cnsa_cahier_pedagogique_web_access-2.pdf\" target=\"_blank\">\n\t\t\t\t\t\t<span class=\"elementor-button-content-wrapper\">\n\t\t\t\t\t\t\t\t\t<span class=\"elementor-button-text\">cnsa.fr\/documentation<\/span>\n\t\t\t\t\t<\/span>\n\t\t\t\t\t<\/a>\n\t\t\t\t<\/div>\n\t\t\t\t\t\t\t\t<\/div>\n\t\t\t\t<\/div>\n\t\t\t\t\t<\/div>\n\t\t\t\t<\/div>\n\t\t\t\t\t<\/div>\n\t\t\t\t<\/div>\n\t\t<div class=\"elementor-element elementor-element-604f20e e-flex e-con-boxed e-con e-parent\" data-id=\"604f20e\" data-element_type=\"container\" data-settings=\"{&quot;background_background&quot;:&quot;classic&quot;}\">\n\t\t\t\t\t<div class=\"e-con-inner\">\n\t\t\t\t<div class=\"elementor-element elementor-element-31ab982 elementor-widget elementor-widget-heading\" data-id=\"31ab982\" data-element_type=\"widget\" data-widget_type=\"heading.default\">\n\t\t\t\t<div class=\"elementor-widget-container\">\n\t\t\t\t\t<h2 class=\"elementor-heading-title elementor-size-default\">L\u2019\u00e9co-syst\u00e8me de l\u2019habitat inclusif et ses propres ressources\n<\/h2>\t\t\t\t<\/div>\n\t\t\t\t<\/div>\n\t\t\t\t<div class=\"elementor-element elementor-element-d4aad27 elementor-widget elementor-widget-image\" data-id=\"d4aad27\" data-element_type=\"widget\" data-widget_type=\"image.default\">\n\t\t\t\t<div class=\"elementor-widget-container\">\n\t\t\t\t\t\t\t\t\t\t\t\t\t\t\t<img fetchpriority=\"high\" decoding=\"async\" width=\"768\" height=\"752\" src=\"https:\/\/www.auroraevia.fr\/wp-content\/uploads\/2024\/05\/legislation-comp-768x752.png\" class=\"attachment-medium_large size-medium_large wp-image-471\" alt=\"sch\u00e9ma \u00e9cosyst\u00e8me de habitat inclusif\" srcset=\"https:\/\/www.auroraevia.fr\/wp-content\/uploads\/2024\/05\/legislation-comp-768x752.png 768w, https:\/\/www.auroraevia.fr\/wp-content\/uploads\/2024\/05\/legislation-comp-300x294.png 300w, https:\/\/www.auroraevia.fr\/wp-content\/uploads\/2024\/05\/legislation-comp-1024x1003.png 1024w, https:\/\/www.auroraevia.fr\/wp-content\/uploads\/2024\/05\/legislation-comp.png 1248w\" sizes=\"(max-width: 768px) 100vw, 768px\" \/>\t\t\t\t\t\t\t\t\t\t\t\t\t\t\t<\/div>\n\t\t\t\t<\/div>\n\t\t\t\t<div class=\"elementor-element elementor-element-bbfac8d elementor-widget elementor-widget-text-editor\" data-id=\"bbfac8d\" data-element_type=\"widget\" data-widget_type=\"text-editor.default\">\n\t\t\t\t<div class=\"elementor-widget-container\">\n\t\t\t\t\t\t\t\t\t<p>Source : CNSA<\/p><p>\u00a0<\/p>\t\t\t\t\t\t\t\t<\/div>\n\t\t\t\t<\/div>\n\t\t\t\t\t<\/div>\n\t\t\t\t<\/div>\n\t\t\t\t<\/div>\n\t\t","protected":false},"excerpt":{"rendered":"<p>QU&rsquo;EST CE QU&rsquo;UN HABITAT INCLUSIF? Description en FALC source : www.monparcourshandicap.gouv D\u00e9finition de l&rsquo;habitat inclusif Art. L. 281-1 du Code [&hellip;]<\/p>\n","protected":false},"author":2,"featured_media":0,"parent":0,"menu_order":0,"comment_status":"closed","ping_status":"closed","template":"","meta":{"om_disable_all_campaigns":false,"_monsterinsights_skip_tracking":false,"_monsterinsights_sitenote_active":false,"_monsterinsights_sitenote_note":"","_monsterinsights_sitenote_category":0,"site-sidebar-layout":"no-sidebar","site-content-layout":"","ast-site-content-layout":"full-width-container","site-content-style":"default","site-sidebar-style":"default","ast-global-header-display":"","ast-banner-title-visibility":"","ast-main-header-display":"","ast-hfb-above-header-display":"","ast-hfb-below-header-display":"","ast-hfb-mobile-header-display":"","site-post-title":"disabled","ast-breadcrumbs-content":"","ast-featured-img":"disabled","footer-sml-layout":"","theme-transparent-header-meta":"","adv-header-id-meta":"","stick-header-meta":"","header-above-stick-meta":"","header-main-stick-meta":"","header-below-stick-meta":"","astra-migrate-meta-layouts":"default","ast-page-background-enabled":"default","ast-page-background-meta":{"desktop":{"background-color":"var(--ast-global-color-4)","background-image":"","background-repeat":"repeat","background-position":"center center","background-size":"auto","background-attachment":"scroll","background-type":"","background-media":"","overlay-type":"","overlay-color":"","overlay-gradient":""},"tablet":{"background-color":"","background-image":"","background-repeat":"repeat","background-position":"center center","background-size":"auto","background-attachment":"scroll","background-type":"","background-media":"","overlay-type":"","overlay-color":"","overlay-gradient":""},"mobile":{"background-color":"","background-image":"","background-repeat":"repeat","background-position":"center center","background-size":"auto","background-attachment":"scroll","background-type":"","background-media":"","overlay-type":"","overlay-color":"","overlay-gradient":""}},"ast-content-background-meta":{"desktop":{"background-color":"var(--ast-global-color-5)","background-image":"","background-repeat":"repeat","background-position":"center center","background-size":"auto","background-attachment":"scroll","background-type":"","background-media":"","overlay-type":"","overlay-color":"","overlay-gradient":""},"tablet":{"background-color":"var(--ast-global-color-5)","background-image":"","background-repeat":"repeat","background-position":"center center","background-size":"auto","background-attachment":"scroll","background-type":"","background-media":"","overlay-type":"","overlay-color":"","overlay-gradient":""},"mobile":{"background-color":"var(--ast-global-color-5)","background-image":"","background-repeat":"repeat","background-position":"center center","background-size":"auto","background-attachment":"scroll","background-type":"","background-media":"","overlay-type":"","overlay-color":"","overlay-gradient":""}},"footnotes":""},"class_list":["post-459","page","type-page","status-publish","hentry"],"aioseo_notices":[],"_links":{"self":[{"href":"https:\/\/www.auroraevia.fr\/index.php?rest_route=\/wp\/v2\/pages\/459","targetHints":{"allow":["GET"]}}],"collection":[{"href":"https:\/\/www.auroraevia.fr\/index.php?rest_route=\/wp\/v2\/pages"}],"about":[{"href":"https:\/\/www.auroraevia.fr\/index.php?rest_route=\/wp\/v2\/types\/page"}],"author":[{"embeddable":true,"href":"https:\/\/www.auroraevia.fr\/index.php?rest_route=\/wp\/v2\/users\/2"}],"replies":[{"embeddable":true,"href":"https:\/\/www.auroraevia.fr\/index.php?rest_route=%2Fwp%2Fv2%2Fcomments&post=459"}],"version-history":[{"count":238,"href":"https:\/\/www.auroraevia.fr\/index.php?rest_route=\/wp\/v2\/pages\/459\/revisions"}],"predecessor-version":[{"id":1768,"href":"https:\/\/www.auroraevia.fr\/index.php?rest_route=\/wp\/v2\/pages\/459\/revisions\/1768"}],"wp:attachment":[{"href":"https:\/\/www.auroraevia.fr\/index.php?rest_route=%2Fwp%2Fv2%2Fmedia&parent=459"}],"curies":[{"name":"wp","href":"https:\/\/api.w.org\/{rel}","templated":true}]}}